{"id":1141,"date":"2026-04-14T12:02:39","date_gmt":"2026-04-14T12:02:39","guid":{"rendered":"https:\/\/karneval.berlin\/faq\/"},"modified":"2026-04-24T11:52:27","modified_gmt":"2026-04-24T11:52:27","slug":"faq","status":"publish","type":"page","link":"https:\/\/karneval.berlin\/en\/faq\/","title":{"rendered":"FAQ"},"content":{"rendered":"<section\n    id=\"editorial-block_898c6665694a2c111a4326b7e873973f\"\n    class=\"kdk-editorial kdk-editorial--pad-md kdk-editorial--align-left kdk-editorial--valign-middle kdk-editorial--hl-lg kdk-editorial--eyebrow-md kdk-editorial--body-lg kdk-editorial--hl-highlight alignfull\"\n    style=\"background-color:#9966ff;color:#fff293;--editorial-accent:#28367b;\"    >\n    \n    \n    <div class=\"kdk-editorial__inner\">\n                        <span class=\"kdk-editorial__eyebrow\">22.05 &#8211; 25.05<\/span>\n                \n                <h2 class=\"kdk-editorial__headline\">Welcome to the Carnival of Cultures!<\/h2>\n        \n        \n        \n            <\/div>\n    <\/section>\n\n\n<style>#accordion-block_7e0f517fa558d67f927a24200d1e60fd,#accordion-block_7e0f517fa558d67f927a24200d1e60fd *:not(svg):not(path){color:#28367b !important;}<\/style>\n<div\n    id=\"accordion-block_7e0f517fa558d67f927a24200d1e60fd\"\n    class=\"kdk-accordion kdk-accordion--full py-12 alignfull\"\n    style=\"background-color:#ffe85e;color:#28367b;\"    data-allow-multiple=\"0\"\n>\n    <div class=\"max-w-content mx-auto px-6\">\n\n        <h2 class=\"font-display font-normal mb-6\" style=\"font-size:var(--kdk-fs-s);\">Information for Residents<\/h2>\n    \n        <div class=\"kdk-accordion__item\" style=\"border-bottom:1px solid rgba(0,0,0,0.1);\">\n        <button\n            type=\"button\"\n            class=\"kdk-accordion__trigger w-full flex items-center justify-between gap-4 py-4 text-left font-semibold text-lg transition-opacity hover:opacity-70\"\n            aria-expanded=\"false\"\n            aria-controls=\"kdk-acc-panel-accordion-block_7e0f517fa558d67f927a24200d1e60fd-0\"\n        >\n            <span>General<\/span>\n            <svg class=\"kdk-accordion__icon w-5 h-5 shrink-0\" fill=\"none\" viewBox=\"0 0 24 24\" stroke=\"currentColor\" aria-hidden=\"true\"><path stroke-linecap=\"round\" stroke-linejoin=\"round\" stroke-width=\"2\" d=\"M19 9l-7 7-7-7\"\/><\/svg>        <\/button>\n        <div\n            id=\"kdk-acc-panel-accordion-block_7e0f517fa558d67f927a24200d1e60fd-0\"\n            class=\"kdk-accordion__panel kdk-content text-lg pb-4\"\n            hidden\n        >\n            <p>As an expression of peaceful togetherness, the Carnival of Cultures invites you to experience Germany&#8217;s largest anti-racist, post-migrant intervention in public space and to set a sign for solidarity, openness, and cultural participation together. This form of encounter and visibility naturally brings some challenges, which we aim to counteract with our sustainable event management.<\/p>\n        <\/div>\n    <\/div>\n        <div class=\"kdk-accordion__item\" style=\"border-bottom:1px solid rgba(0,0,0,0.1);\">\n        <button\n            type=\"button\"\n            class=\"kdk-accordion__trigger w-full flex items-center justify-between gap-4 py-4 text-left font-semibold text-lg transition-opacity hover:opacity-70\"\n            aria-expanded=\"false\"\n            aria-controls=\"kdk-acc-panel-accordion-block_7e0f517fa558d67f927a24200d1e60fd-1\"\n        >\n            <span>No-Parking Zones &amp; Road Closures<\/span>\n            <svg class=\"kdk-accordion__icon w-5 h-5 shrink-0\" fill=\"none\" viewBox=\"0 0 24 24\" stroke=\"currentColor\" aria-hidden=\"true\"><path stroke-linecap=\"round\" stroke-linejoin=\"round\" stroke-width=\"2\" d=\"M19 9l-7 7-7-7\"\/><\/svg>        <\/button>\n        <div\n            id=\"kdk-acc-panel-accordion-block_7e0f517fa558d67f927a24200d1e60fd-1\"\n            class=\"kdk-accordion__panel kdk-content text-lg pb-4\"\n            hidden\n        >\n            <p>During the Carnival, road closures and no-parking zones will occur in both Friedrichshain (parade) and Kreuzberg (street festival).<\/p>\n<p>Please observe the road closures and no-parking zones. Move your car in good time to avoid costly towing.<\/p>\n<p>&nbsp;<\/p>\n<p>Road closures can be found on the site maps. Subject to change. The posted traffic signs apply.<\/p>\n        <\/div>\n    <\/div>\n        <div class=\"kdk-accordion__item\" style=\"border-bottom:1px solid rgba(0,0,0,0.1);\">\n        <button\n            type=\"button\"\n            class=\"kdk-accordion__trigger w-full flex items-center justify-between gap-4 py-4 text-left font-semibold text-lg transition-opacity hover:opacity-70\"\n            aria-expanded=\"false\"\n            aria-controls=\"kdk-acc-panel-accordion-block_7e0f517fa558d67f927a24200d1e60fd-2\"\n        >\n            <span>Noise<\/span>\n            <svg class=\"kdk-accordion__icon w-5 h-5 shrink-0\" fill=\"none\" viewBox=\"0 0 24 24\" stroke=\"currentColor\" aria-hidden=\"true\"><path stroke-linecap=\"round\" stroke-linejoin=\"round\" stroke-width=\"2\" d=\"M19 9l-7 7-7-7\"\/><\/svg>        <\/button>\n        <div\n            id=\"kdk-acc-panel-accordion-block_7e0f517fa558d67f927a24200d1e60fd-2\"\n            class=\"kdk-accordion__panel kdk-content text-lg pb-4\"\n            hidden\n        >\n            <p>The event takes place in accordance with the approved special application regarding noise, which is constantly monitored. Noise sources outside the event times mentioned here refer only to setup, dismantling, and cleaning work. Other noise sources are not part of the event and unfortunately cannot be regulated by us. In such cases, please contact the originators or the responsible authorities directly.<\/p>\n<p>&nbsp;<\/p>\n<p>The event is officially authorized, including with regard to noise emissions, which are regularly monitored. At the same time, we strive to keep the impact on the neighborhood as low as possible.<\/p>\n        <\/div>\n    <\/div>\n        <div class=\"kdk-accordion__item\" style=\"border-bottom:1px solid rgba(0,0,0,0.1);\">\n        <button\n            type=\"button\"\n            class=\"kdk-accordion__trigger w-full flex items-center justify-between gap-4 py-4 text-left font-semibold text-lg transition-opacity hover:opacity-70\"\n            aria-expanded=\"false\"\n            aria-controls=\"kdk-acc-panel-accordion-block_7e0f517fa558d67f927a24200d1e60fd-3\"\n        >\n            <span> Hygiene and Waste<\/span>\n            <svg class=\"kdk-accordion__icon w-5 h-5 shrink-0\" fill=\"none\" viewBox=\"0 0 24 24\" stroke=\"currentColor\" aria-hidden=\"true\"><path stroke-linecap=\"round\" stroke-linejoin=\"round\" stroke-width=\"2\" d=\"M19 9l-7 7-7-7\"\/><\/svg>        <\/button>\n        <div\n            id=\"kdk-acc-panel-accordion-block_7e0f517fa558d67f927a24200d1e60fd-3\"\n            class=\"kdk-accordion__panel kdk-content text-lg pb-4\"\n            hidden\n        >\n            <p>The reduction of uncontrolled waste is regulated by waste collection and sorting points, as well as deposit collection islands.<\/p>\n<p>&nbsp;<\/p>\n<p>Following the cleaning by ALBA, there will be a Clean-Up Day by our communities after the parade to restore the neighborhood. If you would like to participate, register here.<\/p>\n        <\/div>\n    <\/div>\n        <div class=\"kdk-accordion__item\" style=\"border-bottom:1px solid rgba(0,0,0,0.1);\">\n        <button\n            type=\"button\"\n            class=\"kdk-accordion__trigger w-full flex items-center justify-between gap-4 py-4 text-left font-semibold text-lg transition-opacity hover:opacity-70\"\n            aria-expanded=\"false\"\n            aria-controls=\"kdk-acc-panel-accordion-block_7e0f517fa558d67f927a24200d1e60fd-4\"\n        >\n            <span>Contact Person<\/span>\n            <svg class=\"kdk-accordion__icon w-5 h-5 shrink-0\" fill=\"none\" viewBox=\"0 0 24 24\" stroke=\"currentColor\" aria-hidden=\"true\"><path stroke-linecap=\"round\" stroke-linejoin=\"round\" stroke-width=\"2\" d=\"M19 9l-7 7-7-7\"\/><\/svg>        <\/button>\n        <div\n            id=\"kdk-acc-panel-accordion-block_7e0f517fa558d67f927a24200d1e60fd-4\"\n            class=\"kdk-accordion__panel kdk-content text-lg pb-4\"\n            hidden\n        >\n            <p>We are happy to assist you with any concerns regarding the event: <a href=\"mailto:info@karneval.berlin\">info@karneval.berlin<\/a> or special inquiries directly to anwohner@karneval.berlin<\/p>\n<p>In addition, a police citizen hotline has been set up, which is reachable especially on the day of the event.<\/p>\n<p>POLICE CITIZEN HOTLINE<\/p>\n<p>Tel: 030\/46 64 50 14 30<\/p>\n<p>Mon to Fri: 8 AM \u2013 2 PM, and 12 PM \u2013 10 PM on the day of the event.<\/p>\n        <\/div>\n    <\/div>\n    \n    <\/div>\n<\/div>\n\n\n<style>#accordion-block_4dfce060d80e84327f449b08923f55ae,#accordion-block_4dfce060d80e84327f449b08923f55ae *:not(svg):not(path){color:#28367b !important;}<\/style>\n<div\n    id=\"accordion-block_4dfce060d80e84327f449b08923f55ae\"\n    class=\"kdk-accordion kdk-accordion--full py-12 alignfull\"\n    style=\"background-color:#ff6855;color:#28367b;\"    data-allow-multiple=\"0\"\n>\n    <div class=\"max-w-content mx-auto px-6\">\n\n        <h2 class=\"font-display font-normal mb-6\" style=\"font-size:var(--kdk-fs-s);\">General Information<\/h2>\n    \n        <div class=\"kdk-accordion__item\" style=\"border-bottom:1px solid rgba(0,0,0,0.1);\">\n        <button\n            type=\"button\"\n            class=\"kdk-accordion__trigger w-full flex items-center justify-between gap-4 py-4 text-left font-semibold text-lg transition-opacity hover:opacity-70\"\n            aria-expanded=\"false\"\n            aria-controls=\"kdk-acc-panel-accordion-block_4dfce060d80e84327f449b08923f55ae-0\"\n        >\n            <span>When and where does the parade take place?<\/span>\n            <svg class=\"kdk-accordion__icon w-5 h-5 shrink-0\" fill=\"none\" viewBox=\"0 0 24 24\" stroke=\"currentColor\" aria-hidden=\"true\"><path stroke-linecap=\"round\" stroke-linejoin=\"round\" stroke-width=\"2\" d=\"M19 9l-7 7-7-7\"\/><\/svg>        <\/button>\n        <div\n            id=\"kdk-acc-panel-accordion-block_4dfce060d80e84327f449b08923f55ae-0\"\n            class=\"kdk-accordion__panel kdk-content text-lg pb-4\"\n            hidden\n        >\n            <p>The street parade takes place on <strong>Whit Sunday, May 24, 2026<\/strong>. It starts at 1:30 PM at the intersection of Frankfurter Allee and Proskauer Stra\u00dfe. From there, the parade moves along Karl-Marx-Allee to Berolina Stra\u00dfe.  <\/p>\n<p>&nbsp;<\/p>\n<p>Due to a multi-year construction site on Gneisenaustra\u00dfe, the parade has been held in Friedrichshain since 2025. The special atmosphere will, of course, be preserved. <\/p>\n        <\/div>\n    <\/div>\n        <div class=\"kdk-accordion__item\" style=\"border-bottom:1px solid rgba(0,0,0,0.1);\">\n        <button\n            type=\"button\"\n            class=\"kdk-accordion__trigger w-full flex items-center justify-between gap-4 py-4 text-left font-semibold text-lg transition-opacity hover:opacity-70\"\n            aria-expanded=\"false\"\n            aria-controls=\"kdk-acc-panel-accordion-block_4dfce060d80e84327f449b08923f55ae-1\"\n        >\n            <span>When and where does the festival take place?<\/span>\n            <svg class=\"kdk-accordion__icon w-5 h-5 shrink-0\" fill=\"none\" viewBox=\"0 0 24 24\" stroke=\"currentColor\" aria-hidden=\"true\"><path stroke-linecap=\"round\" stroke-linejoin=\"round\" stroke-width=\"2\" d=\"M19 9l-7 7-7-7\"\/><\/svg>        <\/button>\n        <div\n            id=\"kdk-acc-panel-accordion-block_4dfce060d80e84327f449b08923f55ae-1\"\n            class=\"kdk-accordion__panel kdk-content text-lg pb-4\"\n            hidden\n        >\n            <p>The festival takes place from <strong>May 22 to 25, 2026<\/strong>, around <strong>Bl\u00fccherplatz in Kreuzberg<\/strong>. You can expect a diverse program of music, art, culinary delights, and space for encounters. <\/p>\n        <\/div>\n    <\/div>\n        <div class=\"kdk-accordion__item\" style=\"border-bottom:1px solid rgba(0,0,0,0.1);\">\n        <button\n            type=\"button\"\n            class=\"kdk-accordion__trigger w-full flex items-center justify-between gap-4 py-4 text-left font-semibold text-lg transition-opacity hover:opacity-70\"\n            aria-expanded=\"false\"\n            aria-controls=\"kdk-acc-panel-accordion-block_4dfce060d80e84327f449b08923f55ae-2\"\n        >\n            <span>What is the starting number of parade group XY?<\/span>\n            <svg class=\"kdk-accordion__icon w-5 h-5 shrink-0\" fill=\"none\" viewBox=\"0 0 24 24\" stroke=\"currentColor\" aria-hidden=\"true\"><path stroke-linecap=\"round\" stroke-linejoin=\"round\" stroke-width=\"2\" d=\"M19 9l-7 7-7-7\"\/><\/svg>        <\/button>\n        <div\n            id=\"kdk-acc-panel-accordion-block_4dfce060d80e84327f449b08923f55ae-2\"\n            class=\"kdk-accordion__panel kdk-content text-lg pb-4\"\n            hidden\n        >\n            <p>You can find the starting numbers and the order of the parade groups in the <a href=\"https:\/\/karneval.berlin\/umzug\/\">&#8220;Caravan in Order&#8221;<\/a> overview.<\/p>\n        <\/div>\n    <\/div>\n        <div class=\"kdk-accordion__item\" style=\"border-bottom:1px solid rgba(0,0,0,0.1);\">\n        <button\n            type=\"button\"\n            class=\"kdk-accordion__trigger w-full flex items-center justify-between gap-4 py-4 text-left font-semibold text-lg transition-opacity hover:opacity-70\"\n            aria-expanded=\"false\"\n            aria-controls=\"kdk-acc-panel-accordion-block_4dfce060d80e84327f449b08923f55ae-3\"\n        >\n            <span> Which band is playing when and where at the festival?<\/span>\n            <svg class=\"kdk-accordion__icon w-5 h-5 shrink-0\" fill=\"none\" viewBox=\"0 0 24 24\" stroke=\"currentColor\" aria-hidden=\"true\"><path stroke-linecap=\"round\" stroke-linejoin=\"round\" stroke-width=\"2\" d=\"M19 9l-7 7-7-7\"\/><\/svg>        <\/button>\n        <div\n            id=\"kdk-acc-panel-accordion-block_4dfce060d80e84327f449b08923f55ae-3\"\n            class=\"kdk-accordion__panel kdk-content text-lg pb-4\"\n            hidden\n        >\n            <p>All information regarding performance times and stages can be found in the current stage program.<\/p>\n        <\/div>\n    <\/div>\n    \n    <\/div>\n<\/div>\n\n\n<style>#accordion-block_9508ed8a105ddf6d21230dba48bfa98f,#accordion-block_9508ed8a105ddf6d21230dba48bfa98f *:not(svg):not(path){color:#28367b !important;}<\/style>\n<div\n    id=\"accordion-block_9508ed8a105ddf6d21230dba48bfa98f\"\n    class=\"kdk-accordion kdk-accordion--full py-12 alignfull\"\n    style=\"background-color:#fff293;color:#28367b;\"    data-allow-multiple=\"0\"\n>\n    <div class=\"max-w-content mx-auto px-6\">\n\n        <h2 class=\"font-display font-normal mb-6\" style=\"font-size:var(--kdk-fs-s);\">Getting There<\/h2>\n    \n        <div class=\"kdk-accordion__item\" style=\"border-bottom:1px solid #ff6855;\">\n        <button\n            type=\"button\"\n            class=\"kdk-accordion__trigger w-full flex items-center justify-between gap-4 py-4 text-left font-semibold text-lg transition-opacity hover:opacity-70\"\n            aria-expanded=\"false\"\n            aria-controls=\"kdk-acc-panel-accordion-block_9508ed8a105ddf6d21230dba48bfa98f-0\"\n        >\n            <span>What is the best way to get to the parade?<\/span>\n            <svg class=\"kdk-accordion__icon w-5 h-5 shrink-0\" fill=\"none\" viewBox=\"0 0 24 24\" stroke=\"currentColor\" aria-hidden=\"true\"><path stroke-linecap=\"round\" stroke-linejoin=\"round\" stroke-width=\"2\" d=\"M19 9l-7 7-7-7\"\/><\/svg>        <\/button>\n        <div\n            id=\"kdk-acc-panel-accordion-block_9508ed8a105ddf6d21230dba48bfa98f-0\"\n            class=\"kdk-accordion__panel kdk-content text-lg pb-4\"\n            hidden\n        >\n            <p>We recommend traveling by public transport, ideally via Alexanderplatz. From there, you can quickly reach the parade route. <\/p>\n<p>&nbsp;<\/p>\n<p>There are also many stops along the route, especially on the U5 line, such as U Frankfurter Tor. We recommend <strong>not<\/strong> traveling via S+U Frankfurter Allee. Plan for a little extra time and arrive as early as possible.  <\/p>\n        <\/div>\n    <\/div>\n        <div class=\"kdk-accordion__item\" style=\"border-bottom:1px solid #ff6855;\">\n        <button\n            type=\"button\"\n            class=\"kdk-accordion__trigger w-full flex items-center justify-between gap-4 py-4 text-left font-semibold text-lg transition-opacity hover:opacity-70\"\n            aria-expanded=\"false\"\n            aria-controls=\"kdk-acc-panel-accordion-block_9508ed8a105ddf6d21230dba48bfa98f-1\"\n        >\n            <span>What is the best way to get to the festival?<\/span>\n            <svg class=\"kdk-accordion__icon w-5 h-5 shrink-0\" fill=\"none\" viewBox=\"0 0 24 24\" stroke=\"currentColor\" aria-hidden=\"true\"><path stroke-linecap=\"round\" stroke-linejoin=\"round\" stroke-width=\"2\" d=\"M19 9l-7 7-7-7\"\/><\/svg>        <\/button>\n        <div\n            id=\"kdk-acc-panel-accordion-block_9508ed8a105ddf6d21230dba48bfa98f-1\"\n            class=\"kdk-accordion__panel kdk-content text-lg pb-4\"\n            hidden\n        >\n            <p>The street festival around Bl\u00fccherplatz is easily accessible via the Hallesches Tor, Mehringdamm, and M\u00f6ckernbr\u00fccke stations.<\/p>\n<p>&nbsp;<\/p>\n<p>Since the grounds are extensive, you can arrive from various directions. The best way to travel is environmentally friendly: on foot, by bike (to the designated parking areas), or by bus and train. <\/p>\n        <\/div>\n    <\/div>\n        <div class=\"kdk-accordion__item\" style=\"border-bottom:1px solid #ff6855;\">\n        <button\n            type=\"button\"\n            class=\"kdk-accordion__trigger w-full flex items-center justify-between gap-4 py-4 text-left font-semibold text-lg transition-opacity hover:opacity-70\"\n            aria-expanded=\"false\"\n            aria-controls=\"kdk-acc-panel-accordion-block_9508ed8a105ddf6d21230dba48bfa98f-2\"\n        >\n            <span>Can I come by car?<\/span>\n            <svg class=\"kdk-accordion__icon w-5 h-5 shrink-0\" fill=\"none\" viewBox=\"0 0 24 24\" stroke=\"currentColor\" aria-hidden=\"true\"><path stroke-linecap=\"round\" stroke-linejoin=\"round\" stroke-width=\"2\" d=\"M19 9l-7 7-7-7\"\/><\/svg>        <\/button>\n        <div\n            id=\"kdk-acc-panel-accordion-block_9508ed8a105ddf6d21230dba48bfa98f-2\"\n            class=\"kdk-accordion__panel kdk-content text-lg pb-4\"\n            hidden\n        >\n            <p>We advise against traveling by car. There are extensive road closures and increased traffic volume. Public transport is a much more relaxed choice.  <\/p>\n        <\/div>\n    <\/div>\n        <div class=\"kdk-accordion__item\" style=\"border-bottom:1px solid #ff6855;\">\n        <button\n            type=\"button\"\n            class=\"kdk-accordion__trigger w-full flex items-center justify-between gap-4 py-4 text-left font-semibold text-lg transition-opacity hover:opacity-70\"\n            aria-expanded=\"false\"\n            aria-controls=\"kdk-acc-panel-accordion-block_9508ed8a105ddf6d21230dba48bfa98f-3\"\n        >\n            <span>Am I allowed to bring my bicycle?<\/span>\n            <svg class=\"kdk-accordion__icon w-5 h-5 shrink-0\" fill=\"none\" viewBox=\"0 0 24 24\" stroke=\"currentColor\" aria-hidden=\"true\"><path stroke-linecap=\"round\" stroke-linejoin=\"round\" stroke-width=\"2\" d=\"M19 9l-7 7-7-7\"\/><\/svg>        <\/button>\n        <div\n            id=\"kdk-acc-panel-accordion-block_9508ed8a105ddf6d21230dba48bfa98f-3\"\n            class=\"kdk-accordion__panel kdk-content text-lg pb-4\"\n            hidden\n        >\n            <p>Bicycles are not allowed on the <strong>street festival<\/strong> grounds. However, free bicycle parking is available on-site. <\/p>\n<p>&nbsp;<\/p>\n<p>At the <strong>street parade<\/strong>, bringing bicycles is generally possible, but we advise against moving through the crowds with them.<\/p>\n        <\/div>\n    <\/div>\n    \n    <\/div>\n<\/div>\n\n\n<style>#accordion-block_8741d84f1a2f18a2503c65018b2e7717,#accordion-block_8741d84f1a2f18a2503c65018b2e7717 *:not(svg):not(path){color:#fff293 !important;}<\/style>\n<div\n    id=\"accordion-block_8741d84f1a2f18a2503c65018b2e7717\"\n    class=\"kdk-accordion kdk-accordion--full py-12 alignfull\"\n    style=\"background-color:#9966ff;color:#fff293;\"    data-allow-multiple=\"0\"\n>\n    <div class=\"max-w-content mx-auto px-6\">\n\n        <h2 class=\"font-display font-normal mb-6\" style=\"font-size:var(--kdk-fs-s);\">Safety &amp; Conduct<\/h2>\n    \n        <div class=\"kdk-accordion__item\" style=\"border-bottom:1px solid #ffe85e;\">\n        <button\n            type=\"button\"\n            class=\"kdk-accordion__trigger w-full flex items-center justify-between gap-4 py-4 text-left font-semibold text-lg transition-opacity hover:opacity-70\"\n            aria-expanded=\"false\"\n            aria-controls=\"kdk-acc-panel-accordion-block_8741d84f1a2f18a2503c65018b2e7717-0\"\n        >\n            <span>What should I keep in mind on-site?<\/span>\n            <svg class=\"kdk-accordion__icon w-5 h-5 shrink-0\" fill=\"none\" viewBox=\"0 0 24 24\" stroke=\"currentColor\" aria-hidden=\"true\"><path stroke-linecap=\"round\" stroke-linejoin=\"round\" stroke-width=\"2\" d=\"M19 9l-7 7-7-7\"\/><\/svg>        <\/button>\n        <div\n            id=\"kdk-acc-panel-accordion-block_8741d84f1a2f18a2503c65018b2e7717-0\"\n            class=\"kdk-accordion__panel kdk-content text-lg pb-4\"\n            hidden\n        >\n            <p>The Carnival of Cultures thrives on respectful togetherness. Please behave in a way that makes all visitors feel safe and welcome. <\/p>\n<p>This includes following the instructions of the police, fire department, security services, and the organizer at all times.<\/p>\n<p>&nbsp;<\/p>\n<p>Please also note that entering the event grounds is at your own risk. With mutual consideration and attentiveness, we all contribute to a successful festival and parade. <\/p>\n        <\/div>\n    <\/div>\n        <div class=\"kdk-accordion__item\" style=\"border-bottom:1px solid #ffe85e;\">\n        <button\n            type=\"button\"\n            class=\"kdk-accordion__trigger w-full flex items-center justify-between gap-4 py-4 text-left font-semibold text-lg transition-opacity hover:opacity-70\"\n            aria-expanded=\"false\"\n            aria-controls=\"kdk-acc-panel-accordion-block_8741d84f1a2f18a2503c65018b2e7717-1\"\n        >\n            <span>Which items are prohibited?<\/span>\n            <svg class=\"kdk-accordion__icon w-5 h-5 shrink-0\" fill=\"none\" viewBox=\"0 0 24 24\" stroke=\"currentColor\" aria-hidden=\"true\"><path stroke-linecap=\"round\" stroke-linejoin=\"round\" stroke-width=\"2\" d=\"M19 9l-7 7-7-7\"\/><\/svg>        <\/button>\n        <div\n            id=\"kdk-acc-panel-accordion-block_8741d84f1a2f18a2503c65018b2e7717-1\"\n            class=\"kdk-accordion__panel kdk-content text-lg pb-4\"\n            hidden\n        >\n            <p>To protect all participants, bringing certain items is prohibited. These include weapons and dangerous objects, glass bottles and cans, large or bulky bags, alcoholic beverages, and pyrotechnic articles. Animals (with the exception of assistance dogs) and loud mechanical noise instruments such as megaphones are also not permitted.  <\/p>\n<p>&nbsp;<\/p>\n<p>Our house rules can be found here.<\/p>\n<p>&nbsp;<\/p>\n        <\/div>\n    <\/div>\n        <div class=\"kdk-accordion__item\" style=\"border-bottom:1px solid #ffe85e;\">\n        <button\n            type=\"button\"\n            class=\"kdk-accordion__trigger w-full flex items-center justify-between gap-4 py-4 text-left font-semibold text-lg transition-opacity hover:opacity-70\"\n            aria-expanded=\"false\"\n            aria-controls=\"kdk-acc-panel-accordion-block_8741d84f1a2f18a2503c65018b2e7717-2\"\n        >\n            <span>Am I allowed to take photos or videos?<\/span>\n            <svg class=\"kdk-accordion__icon w-5 h-5 shrink-0\" fill=\"none\" viewBox=\"0 0 24 24\" stroke=\"currentColor\" aria-hidden=\"true\"><path stroke-linecap=\"round\" stroke-linejoin=\"round\" stroke-width=\"2\" d=\"M19 9l-7 7-7-7\"\/><\/svg>        <\/button>\n        <div\n            id=\"kdk-acc-panel-accordion-block_8741d84f1a2f18a2503c65018b2e7717-2\"\n            class=\"kdk-accordion__panel kdk-content text-lg pb-4\"\n            hidden\n        >\n            <p>You are welcome to capture the Carnival of Cultures with your own photos and videos, as long as this is done exclusively for private purposes. Professional recordings \u2013 for example, for film, television, or commercial use \u2013 are only permitted with prior authorization. <\/p>\n<p>&nbsp;<\/p>\n<p>By entering the grounds, you also agree to potentially being photographed or filmed.<\/p>\n        <\/div>\n    <\/div>\n        <div class=\"kdk-accordion__item\" style=\"border-bottom:1px solid #ffe85e;\">\n        <button\n            type=\"button\"\n            class=\"kdk-accordion__trigger w-full flex items-center justify-between gap-4 py-4 text-left font-semibold text-lg transition-opacity hover:opacity-70\"\n            aria-expanded=\"false\"\n            aria-controls=\"kdk-acc-panel-accordion-block_8741d84f1a2f18a2503c65018b2e7717-3\"\n        >\n            <span>Am I allowed to sell things or perform?<\/span>\n            <svg class=\"kdk-accordion__icon w-5 h-5 shrink-0\" fill=\"none\" viewBox=\"0 0 24 24\" stroke=\"currentColor\" aria-hidden=\"true\"><path stroke-linecap=\"round\" stroke-linejoin=\"round\" stroke-width=\"2\" d=\"M19 9l-7 7-7-7\"\/><\/svg>        <\/button>\n        <div\n            id=\"kdk-acc-panel-accordion-block_8741d84f1a2f18a2503c65018b2e7717-3\"\n            class=\"kdk-accordion__panel kdk-content text-lg pb-4\"\n            hidden\n        >\n            <p>The sale of goods, the distribution of advertising material, or independent artistic performances are not permitted without the express permission of the organizer.<\/p>\n        <\/div>\n    <\/div>\n        <div class=\"kdk-accordion__item\" style=\"border-bottom:1px solid #ffe85e;\">\n        <button\n            type=\"button\"\n            class=\"kdk-accordion__trigger w-full flex items-center justify-between gap-4 py-4 text-left font-semibold text-lg transition-opacity hover:opacity-70\"\n            aria-expanded=\"false\"\n            aria-controls=\"kdk-acc-panel-accordion-block_8741d84f1a2f18a2503c65018b2e7717-4\"\n        >\n            <span>What awareness measures are in place?<\/span>\n            <svg class=\"kdk-accordion__icon w-5 h-5 shrink-0\" fill=\"none\" viewBox=\"0 0 24 24\" stroke=\"currentColor\" aria-hidden=\"true\"><path stroke-linecap=\"round\" stroke-linejoin=\"round\" stroke-width=\"2\" d=\"M19 9l-7 7-7-7\"\/><\/svg>        <\/button>\n        <div\n            id=\"kdk-acc-panel-accordion-block_8741d84f1a2f18a2503c65018b2e7717-4\"\n            class=\"kdk-accordion__panel kdk-content text-lg pb-4\"\n            hidden\n        >\n            <p>Please read our Code of Conduct, which forms the basis for respectful and safe togetherness.<\/p>\n<p>You can find the contact points for our awareness team on the site maps and on-site.<\/p>\n        <\/div>\n    <\/div>\n    \n    <\/div>\n<\/div>\n\n\n<style>#accordion-block_de6a766a22edd7f1f212cade959b2115,#accordion-block_de6a766a22edd7f1f212cade959b2115 *:not(svg):not(path){color:#fff293 !important;}<\/style>\n<div\n    id=\"accordion-block_de6a766a22edd7f1f212cade959b2115\"\n    class=\"kdk-accordion kdk-accordion--full py-12 alignfull\"\n    style=\"background-color:#28367b;color:#fff293;\"    data-allow-multiple=\"0\"\n>\n    <div class=\"max-w-content mx-auto px-6\">\n\n        <h2 class=\"font-display font-normal mb-6\" style=\"font-size:var(--kdk-fs-s);\">Accessibility<\/h2>\n    \n        <div class=\"kdk-accordion__item\" style=\"border-bottom:1px solid #5fb9ff;\">\n        <button\n            type=\"button\"\n            class=\"kdk-accordion__trigger w-full flex items-center justify-between gap-4 py-4 text-left font-semibold text-lg transition-opacity hover:opacity-70\"\n            aria-expanded=\"false\"\n            aria-controls=\"kdk-acc-panel-accordion-block_de6a766a22edd7f1f212cade959b2115-0\"\n        >\n            <span>Are there services for people with disabilities?<\/span>\n            <svg class=\"kdk-accordion__icon w-5 h-5 shrink-0\" fill=\"none\" viewBox=\"0 0 24 24\" stroke=\"currentColor\" aria-hidden=\"true\"><path stroke-linecap=\"round\" stroke-linejoin=\"round\" stroke-width=\"2\" d=\"M19 9l-7 7-7-7\"\/><\/svg>        <\/button>\n        <div\n            id=\"kdk-acc-panel-accordion-block_de6a766a22edd7f1f212cade959b2115-0\"\n            class=\"kdk-accordion__panel kdk-content text-lg pb-4\"\n            hidden\n        >\n            <p>We place great importance on accessibility at both the parade and the street festival. Along the parade route on Karl-Marx-Allee, near the Kino Kosmos, there is a viewing area for <\/p>\n<p>&nbsp;<\/p>\n<p>wheelchair users. Covered seating and accessible toilets are also available there. <\/p>\n<p>In addition, you will find further accessible sanitary facilities at various points along the route and on the street festival grounds.<\/p>\n<p>&nbsp;<\/p>\n<p>If you have suggestions or ideas on how we can further improve accessibility, please feel free to write to us at <a href=\"mailto:info@karneval.berlin\"><strong>info@karneval.berlin<\/strong><\/a> \u2013 we appreciate any feedback.<\/p>\n        <\/div>\n    <\/div>\n    \n    <\/div>\n<\/div>\n\n\n<style>#accordion-block_c2fe97b6f335a9b2b6779d4b486eb3ac,#accordion-block_c2fe97b6f335a9b2b6779d4b486eb3ac *:not(svg):not(path){color:#28367b !important;}<\/style>\n<div\n    id=\"accordion-block_c2fe97b6f335a9b2b6779d4b486eb3ac\"\n    class=\"kdk-accordion kdk-accordion--full py-12 alignfull\"\n    style=\"background-color:#b1ddff;color:#28367b;\"    data-allow-multiple=\"0\"\n>\n    <div class=\"max-w-content mx-auto px-6\">\n\n        <h2 class=\"font-display font-normal mb-6\" style=\"font-size:var(--kdk-fs-s);\">Environment<\/h2>\n    \n        <div class=\"kdk-accordion__item\" style=\"border-bottom:1px solid #5fb9ff;\">\n        <button\n            type=\"button\"\n            class=\"kdk-accordion__trigger w-full flex items-center justify-between gap-4 py-4 text-left font-semibold text-lg transition-opacity hover:opacity-70\"\n            aria-expanded=\"false\"\n            aria-controls=\"kdk-acc-panel-accordion-block_c2fe97b6f335a9b2b6779d4b486eb3ac-0\"\n        >\n            <span>Are there special environmental rules?<\/span>\n            <svg class=\"kdk-accordion__icon w-5 h-5 shrink-0\" fill=\"none\" viewBox=\"0 0 24 24\" stroke=\"currentColor\" aria-hidden=\"true\"><path stroke-linecap=\"round\" stroke-linejoin=\"round\" stroke-width=\"2\" d=\"M19 9l-7 7-7-7\"\/><\/svg>        <\/button>\n        <div\n            id=\"kdk-acc-panel-accordion-block_c2fe97b6f335a9b2b6779d4b486eb3ac-0\"\n            class=\"kdk-accordion__panel kdk-content text-lg pb-4\"\n            hidden\n        >\n            <p>There is a sensitive area along the parade route: the median strip of Karl-Marx-Allee is a habitat for plants and some rare insects. Please show consideration for nature and follow the instructions of our volunteers (in yellow vests with our logo) on-site. <\/p>\n<p>&nbsp;<\/p>\n<p>The Carnival of Cultures sees itself as a sustainable event, and your mindful treatment of the surroundings is an important part of that.<\/p>\n        <\/div>\n    <\/div>\n        <div class=\"kdk-accordion__item\" style=\"border-bottom:1px solid #5fb9ff;\">\n        <button\n            type=\"button\"\n            class=\"kdk-accordion__trigger w-full flex items-center justify-between gap-4 py-4 text-left font-semibold text-lg transition-opacity hover:opacity-70\"\n            aria-expanded=\"false\"\n            aria-controls=\"kdk-acc-panel-accordion-block_c2fe97b6f335a9b2b6779d4b486eb3ac-1\"\n        >\n            <span>How is waste handled?<\/span>\n            <svg class=\"kdk-accordion__icon w-5 h-5 shrink-0\" fill=\"none\" viewBox=\"0 0 24 24\" stroke=\"currentColor\" aria-hidden=\"true\"><path stroke-linecap=\"round\" stroke-linejoin=\"round\" stroke-width=\"2\" d=\"M19 9l-7 7-7-7\"\/><\/svg>        <\/button>\n        <div\n            id=\"kdk-acc-panel-accordion-block_c2fe97b6f335a9b2b6779d4b486eb3ac-1\"\n            class=\"kdk-accordion__panel kdk-content text-lg pb-4\"\n            hidden\n        >\n            <p>Please help keep the event clean and dispose of your waste at the designated points. There are various collection and deposit systems to assist you. <\/p>\n<p>&nbsp;<\/p>\n<p>After the Carnival of Cultures, there will again be joint cleanup activities \u2013 the <strong>Clean-Up Day <\/strong><strong>(feel free to join in!)<\/strong><strong> <\/strong>\u2013 where dedicated participants clean the neighborhood. In this way, we take responsibility for our city together. <\/p>\n        <\/div>\n    <\/div>\n        <div class=\"kdk-accordion__item\" style=\"border-bottom:1px solid #5fb9ff;\">\n        <button\n            type=\"button\"\n            class=\"kdk-accordion__trigger w-full flex items-center justify-between gap-4 py-4 text-left font-semibold text-lg transition-opacity hover:opacity-70\"\n            aria-expanded=\"false\"\n            aria-controls=\"kdk-acc-panel-accordion-block_c2fe97b6f335a9b2b6779d4b486eb3ac-2\"\n        >\n            <span>What measures are in place for more sustainability?<\/span>\n            <svg class=\"kdk-accordion__icon w-5 h-5 shrink-0\" fill=\"none\" viewBox=\"0 0 24 24\" stroke=\"currentColor\" aria-hidden=\"true\"><path stroke-linecap=\"round\" stroke-linejoin=\"round\" stroke-width=\"2\" d=\"M19 9l-7 7-7-7\"\/><\/svg>        <\/button>\n        <div\n            id=\"kdk-acc-panel-accordion-block_c2fe97b6f335a9b2b6779d4b486eb3ac-2\"\n            class=\"kdk-accordion__panel kdk-content text-lg pb-4\"\n            hidden\n        >\n            <p>Information about our measures and how you can contribute to more sustainability yourself can be found in the &#8220;Sustainability&#8221; section.<\/p>\n        <\/div>\n    <\/div>\n    \n    <\/div>\n<\/div>\n\n\n<style>#accordion-block_0355e5e191f39b15ade2fba51345a604,#accordion-block_0355e5e191f39b15ade2fba51345a604 *:not(svg):not(path){color:#28367b !important;}<\/style>\n<div\n    id=\"accordion-block_0355e5e191f39b15ade2fba51345a604\"\n    class=\"kdk-accordion kdk-accordion--full py-8 alignfull\"\n    style=\"background-color:#ffb6d9;color:#28367b;\"    data-allow-multiple=\"0\"\n>\n    <div class=\"max-w-content mx-auto px-6\">\n\n        <h2 class=\"font-display font-normal mb-6\" style=\"font-size:var(--kdk-fs-s);\">Emergencies &amp; Help<\/h2>\n    \n        <div class=\"kdk-accordion__item\" style=\"border-bottom:1px solid #ff6855;\">\n        <button\n            type=\"button\"\n            class=\"kdk-accordion__trigger w-full flex items-center justify-between gap-4 py-4 text-left font-semibold text-lg transition-opacity hover:opacity-70\"\n            aria-expanded=\"false\"\n            aria-controls=\"kdk-acc-panel-accordion-block_0355e5e191f39b15ade2fba51345a604-0\"\n        >\n            <span>What do I do in an emergency?<\/span>\n            <svg class=\"kdk-accordion__icon w-5 h-5 shrink-0\" fill=\"none\" viewBox=\"0 0 24 24\" stroke=\"currentColor\" aria-hidden=\"true\"><path stroke-linecap=\"round\" stroke-linejoin=\"round\" stroke-width=\"2\" d=\"M19 9l-7 7-7-7\"\/><\/svg>        <\/button>\n        <div\n            id=\"kdk-acc-panel-accordion-block_0355e5e191f39b15ade2fba51345a604-0\"\n            class=\"kdk-accordion__panel kdk-content text-lg pb-4\"\n            hidden\n        >\n            <p>In urgent emergencies, you can reach the emergency services and the fire department at <strong>112<\/strong> and the police at <strong>110<\/strong>. Do not hesitate to call for help or contact the staff on-site. <\/p>\n        <\/div>\n    <\/div>\n        <div class=\"kdk-accordion__item\" style=\"border-bottom:1px solid #ff6855;\">\n        <button\n            type=\"button\"\n            class=\"kdk-accordion__trigger w-full flex items-center justify-between gap-4 py-4 text-left font-semibold text-lg transition-opacity hover:opacity-70\"\n            aria-expanded=\"false\"\n            aria-controls=\"kdk-acc-panel-accordion-block_0355e5e191f39b15ade2fba51345a604-1\"\n        >\n            <span>Where can I find first aid?<\/span>\n            <svg class=\"kdk-accordion__icon w-5 h-5 shrink-0\" fill=\"none\" viewBox=\"0 0 24 24\" stroke=\"currentColor\" aria-hidden=\"true\"><path stroke-linecap=\"round\" stroke-linejoin=\"round\" stroke-width=\"2\" d=\"M19 9l-7 7-7-7\"\/><\/svg>        <\/button>\n        <div\n            id=\"kdk-acc-panel-accordion-block_0355e5e191f39b15ade2fba51345a604-1\"\n            class=\"kdk-accordion__panel kdk-content text-lg pb-4\"\n            hidden\n        >\n            <p>Several first aid stations are set up along the parade route in Friedrichshain and at the street festival in Kreuzberg. These are managed by Johanniter-Unfallhilfe and are clearly signposted. <\/p>\n<p>Should you need assistance, you can go there at any time or speak to the staff on-site.<\/p>\n<p>&nbsp;<\/p>\n<p>Site map with locations<\/p>\n        <\/div>\n    <\/div>\n        <div class=\"kdk-accordion__item\" style=\"border-bottom:1px solid #ff6855;\">\n        <button\n            type=\"button\"\n            class=\"kdk-accordion__trigger w-full flex items-center justify-between gap-4 py-4 text-left font-semibold text-lg transition-opacity hover:opacity-70\"\n            aria-expanded=\"false\"\n            aria-controls=\"kdk-acc-panel-accordion-block_0355e5e191f39b15ade2fba51345a604-2\"\n        >\n            <span>Where is the police located on-site?<\/span>\n            <svg class=\"kdk-accordion__icon w-5 h-5 shrink-0\" fill=\"none\" viewBox=\"0 0 24 24\" stroke=\"currentColor\" aria-hidden=\"true\"><path stroke-linecap=\"round\" stroke-linejoin=\"round\" stroke-width=\"2\" d=\"M19 9l-7 7-7-7\"\/><\/svg>        <\/button>\n        <div\n            id=\"kdk-acc-panel-accordion-block_0355e5e191f39b15ade2fba51345a604-2\"\n            class=\"kdk-accordion__panel kdk-content text-lg pb-4\"\n            hidden\n        >\n            <p>Mobile police stations are set up at both the parade and the street festival. These are located at various points along the route or in the festival area and are also marked on the site maps. You can contact them at any time with questions or problems.  <\/p>\n<p>&nbsp;<\/p>\n<p>Site map with locations<\/p>\n        <\/div>\n    <\/div>\n        <div class=\"kdk-accordion__item\" style=\"border-bottom:1px solid #ff6855;\">\n        <button\n            type=\"button\"\n            class=\"kdk-accordion__trigger w-full flex items-center justify-between gap-4 py-4 text-left font-semibold text-lg transition-opacity hover:opacity-70\"\n            aria-expanded=\"false\"\n            aria-controls=\"kdk-acc-panel-accordion-block_0355e5e191f39b15ade2fba51345a604-3\"\n        >\n            <span>What do I do if my child gets lost?<\/span>\n            <svg class=\"kdk-accordion__icon w-5 h-5 shrink-0\" fill=\"none\" viewBox=\"0 0 24 24\" stroke=\"currentColor\" aria-hidden=\"true\"><path stroke-linecap=\"round\" stroke-linejoin=\"round\" stroke-width=\"2\" d=\"M19 9l-7 7-7-7\"\/><\/svg>        <\/button>\n        <div\n            id=\"kdk-acc-panel-accordion-block_0355e5e191f39b15ade2fba51345a604-3\"\n            class=\"kdk-accordion__panel kdk-content text-lg pb-4\"\n            hidden\n        >\n            <p>In the event that children lose sight of their companions, there are central meeting points for children. At the parade, this is located in <strong>Stra\u00dfe der Pariser Kommune<\/strong>; at the street festival, it is in <strong>Bl\u00fccherstra\u00dfe<\/strong> behind the Sound Avenue stage.<\/p>\n<p>&nbsp;<\/p>\n<p>We recommend that you give your children your phone number as a precaution, e.g., on a note in their pocket or written clearly visible.<\/p>\n        <\/div>\n    <\/div>\n        <div class=\"kdk-accordion__item\" style=\"border-bottom:1px solid #ff6855;\">\n        <button\n            type=\"button\"\n            class=\"kdk-accordion__trigger w-full flex items-center justify-between gap-4 py-4 text-left font-semibold text-lg transition-opacity hover:opacity-70\"\n            aria-expanded=\"false\"\n            aria-controls=\"kdk-acc-panel-accordion-block_0355e5e191f39b15ade2fba51345a604-4\"\n        >\n            <span>Where can I find information on-site?<\/span>\n            <svg class=\"kdk-accordion__icon w-5 h-5 shrink-0\" fill=\"none\" viewBox=\"0 0 24 24\" stroke=\"currentColor\" aria-hidden=\"true\"><path stroke-linecap=\"round\" stroke-linejoin=\"round\" stroke-width=\"2\" d=\"M19 9l-7 7-7-7\"\/><\/svg>        <\/button>\n        <div\n            id=\"kdk-acc-panel-accordion-block_0355e5e191f39b15ade2fba51345a604-4\"\n            class=\"kdk-accordion__panel kdk-content text-lg pb-4\"\n            hidden\n        >\n            <p>On the grounds, you will find several site maps on construction fences to help you with orientation.<\/p>\n<p>&nbsp;<\/p>\n<p>At the <strong>street festival<\/strong>, there is also a central info stand in front of the Heilig-Kreuz-Kirche on Zossener Stra\u00dfe. There you can ask questions, give feedback, or get information in person.<\/p>\n<p>&nbsp;<\/p>\n<p>There is no info stand at the <strong>street parade<\/strong> itself. We therefore recommend getting information online in advance (on our <a href=\"https:\/\/www.instagram.com\/karneval.berlin\/\">Instagram channel<\/a> or our website) or picking up info material at the info stand at the street festival. Additionally, volunteers in yellow vests with the Carnival of Cultures logo will be around and happy to help you.<\/p>\n        <\/div>\n    <\/div>\n        <div class=\"kdk-accordion__item\" style=\"border-bottom:1px solid #ff6855;\">\n        <button\n            type=\"button\"\n            class=\"kdk-accordion__trigger w-full flex items-center justify-between gap-4 py-4 text-left font-semibold text-lg transition-opacity hover:opacity-70\"\n            aria-expanded=\"false\"\n            aria-controls=\"kdk-acc-panel-accordion-block_0355e5e191f39b15ade2fba51345a604-5\"\n        >\n            <span> What happens to lost property?<\/span>\n            <svg class=\"kdk-accordion__icon w-5 h-5 shrink-0\" fill=\"none\" viewBox=\"0 0 24 24\" stroke=\"currentColor\" aria-hidden=\"true\"><path stroke-linecap=\"round\" stroke-linejoin=\"round\" stroke-width=\"2\" d=\"M19 9l-7 7-7-7\"\/><\/svg>        <\/button>\n        <div\n            id=\"kdk-acc-panel-accordion-block_0355e5e191f39b15ade2fba51345a604-5\"\n            class=\"kdk-accordion__panel kdk-content text-lg pb-4\"\n            hidden\n        >\n            <p>If you find something or have lost something, you can go to the &#8220;Ketering&#8221; stand next to our info stand (in front of the Heilig-Kreuz-Kirche on Zossener Stra\u00dfe). Lost property is collected and managed there.<\/p>\n<p>&nbsp;<\/p>\n<p>Items not picked up will be handed over to the Central Lost Property Office Berlin after the event. Please note that registration there may take some time.<\/p>\n<p>&nbsp;<\/p>\n        <\/div>\n    <\/div>\n    \n    <\/div>\n<\/div>\n","protected":false},"excerpt":{"rendered":"","protected":false},"author":1,"featured_media":0,"parent":0,"menu_order":0,"comment_status":"closed","ping_status":"closed","template":"","meta":{"_acf_changed":false,"footnotes":""},"class_list":["post-1141","page","type-page","status-publish","hentry"],"acf":{"page_bg_color":"","block_right_click":false},"_links":{"self":[{"href":"https:\/\/karneval.berlin\/en\/wp-json\/wp\/v2\/pages\/1141","targetHints":{"allow":["GET"]}}],"collection":[{"href":"https:\/\/karneval.berlin\/en\/wp-json\/wp\/v2\/pages"}],"about":[{"href":"https:\/\/karneval.berlin\/en\/wp-json\/wp\/v2\/types\/page"}],"author":[{"embeddable":true,"href":"https:\/\/karneval.berlin\/en\/wp-json\/wp\/v2\/users\/1"}],"replies":[{"embeddable":true,"href":"https:\/\/karneval.berlin\/en\/wp-json\/wp\/v2\/comments?post=1141"}],"version-history":[{"count":4,"href":"https:\/\/karneval.berlin\/en\/wp-json\/wp\/v2\/pages\/1141\/revisions"}],"predecessor-version":[{"id":1302,"href":"https:\/\/karneval.berlin\/en\/wp-json\/wp\/v2\/pages\/1141\/revisions\/1302"}],"wp:attachment":[{"href":"https:\/\/karneval.berlin\/en\/wp-json\/wp\/v2\/media?parent=1141"}],"curies":[{"name":"wp","href":"https:\/\/api.w.org\/{rel}","templated":true}]}}